{"id":484,"date":"2022-01-09T20:24:40","date_gmt":"2022-01-09T19:24:40","guid":{"rendered":"http:\/\/mairielachapelleblanche.fr\/?page_id=484"},"modified":"2026-08-25T10:43:58","modified_gmt":"2026-08-25T08:43:58","slug":"dechets-collectes-selectives-et-decheterie","status":"publish","type":"page","link":"https:\/\/mairielachapelleblanche.fr\/?page_id=484","title":{"rendered":"D\u00e9chets, collectes s\u00e9lectives et d\u00e9ch\u00e8terie"},"content":{"rendered":"\n<h2 class=\"wp-block-heading\">A chaque d\u00e9chet sa fili\u00e8re<\/h2>\n\n\n\n<h3 class=\"wp-block-heading\"><strong>&nbsp;Tri des mat\u00e9riaux recyclables<\/strong><\/h3>\n\n\n\n<p>Des containers sont \u00e0 votre disposition \u00e0 c\u00f4t\u00e9 du terrain de tennis pour d\u00e9poser<\/p>\n\n\n\n<ul class=\"wp-block-list\">\n<li>les emballages en verre<\/li>\n\n\n\n<li>les emballages en plastique<\/li>\n\n\n\n<li>les journaux et magazines<\/li>\n\n\n\n<li>les emballages en fer ou en aluminium ainsi que les bouteilles et flacons en plastique<\/li>\n\n\n\n<li>vos v\u00eatements et chaussures usag\u00e9s ou plus utilis\u00e9s<\/li>\n<\/ul>\n\n\n\n<p>Tous ces mat\u00e9riaux sont collect\u00e9s et recycl\u00e9s ce qui d&rsquo;une part profite \u00e0 l&rsquo;environnement et d&rsquo;autre part all\u00e8ge les co\u00fbts de gestion des d\u00e9chets que le syndicat* demande aux communes membres.<\/p>\n\n\n\n<p>Voir ici <strong><a href=\"http:\/\/sibrecsa.fr\/index.php\/tri-et-recyclage\/les-consignes-de-tri\" target=\"_blank\" rel=\"noreferrer noopener\">les consignes de tri<\/a><\/strong><\/p>\n\n\n\n<p>Dans ce m\u00eame esprit, vous pouvez aussi trier vos <strong>d\u00e9chets organiques<\/strong> (\u00e9pluchures et restes de repas) pour les transformer en compost ou nourrir vos poules, chiens ou chats&#8230;Le Sibrecsa* vous donne de bon conseils pour ce compostage domestique et peut aussi vous fournir un composteur au prix avantageux de 15\u20ac.<\/p>\n\n\n\n<h3 class=\"wp-block-heading\"><strong>D\u00e9ch\u00e8teries<\/strong><\/h3>\n\n\n\n<p>Vous pouvez apporter en <strong>d\u00e9ch\u00e8teries<\/strong> vos d\u00e9chets encombrants, gravats, d\u00e9chets v\u00e9g\u00e9taux, meubles, ferrailles, appareils \u00e9lectriques ou \u00e9lectroniques, d\u00e9chets sp\u00e9ciaux (piles, lampes fluo, peintures, vernis, colles&#8230;).<\/p>\n\n\n\n<p class=\"has-text-align-center has-vivid-green-cyan-color has-text-color has-link-color wp-elements-af149ec62b938600f16295f0301d77d3\"><a href=\"https:\/\/www.coeurdesavoie.fr\/4176-decheteries.htm\"><strong><mark style=\"background-color:rgba(0, 0, 0, 0)\" class=\"has-inline-color has-vivid-green-cyan-color\">Les horaires des d\u00e9chetteries et des info pratiques sur la page d\u00e9di\u00e9e de C\u0153ur de Savoie ici<\/mark><\/strong><\/a><\/p>\n\n\n\n<p><strong>Collecte des ordures m\u00e9nag\u00e8res<\/strong><\/p>\n\n\n\n<p>La  collecte des ordures m\u00e9nag\u00e8res est une comp\u00e9tence de notre communaut\u00e9 de Commune C\u0153ur de Savoie.<\/p>\n\n\n\n<div class=\"wp-block-columns is-layout-flex wp-container-core-columns-is-layout-9d6595d7 wp-block-columns-is-layout-flex\">\n<div class=\"wp-block-column is-layout-flow wp-block-column-is-layout-flow\" style=\"flex-basis:100%\">\n<div class=\"wp-block-group is-nowrap is-layout-flex wp-container-core-group-is-layout-64989fb1 wp-block-group-is-layout-flex\">\n<p>Les ordures doivent \u00eatre plac\u00e9es dans des sacs ferm\u00e9s eux m\u00eame plac\u00e9s dans un bac \u00e0 roulettes conforme (voir r\u00e8glement de collecte en pi\u00e8ce jointe). Seules les ordures r\u00e9siduelles sont admises c&rsquo;est \u00e0 dire apr\u00e8s tri des mat\u00e9riaux recyclables ou compostables.<\/p>\n<\/div>\n<\/div>\n<\/div>\n\n\n\n<div class=\"wp-block-columns is-layout-flex wp-container-core-columns-is-layout-9d6595d7 wp-block-columns-is-layout-flex\">\n<div class=\"wp-block-column is-layout-flow wp-block-column-is-layout-flow\" style=\"flex-basis:100%\">\n<p><strong>Jours de collectes et autres informations pratiques sur la page \u00ab\u00a0d\u00e9chets\u00a0\u00bbde <a href=\"https:\/\/www.coeurdesavoie.fr\/4029-dechets.htm\" target=\"_blank\" rel=\"noreferrer noopener\">C\u0153ur de Savoie<\/a>.<\/strong><\/p>\n<\/div>\n<\/div>\n\n\n<div class=\"wp-block-image\">\n<figure class=\"aligncenter size-full\"><a href=\"https:\/\/www.coeurdesavoie.fr\/4029-dechets.htm\"><img loading=\"lazy\" decoding=\"async\" width=\"258\" height=\"364\" src=\"http:\/\/mairielachapelleblanche.fr\/wp-content\/uploads\/2026\/08\/CdS-Dechets.png\" alt=\"\" class=\"wp-image-1777\" srcset=\"https:\/\/mairielachapelleblanche.fr\/wp-content\/uploads\/2026\/08\/CdS-Dechets.png 258w, https:\/\/mairielachapelleblanche.fr\/wp-content\/uploads\/2026\/08\/CdS-Dechets-213x300.png 213w\" sizes=\"auto, (max-width: 258px) 100vw, 258px\" \/><\/a><\/figure><\/div>","protected":false},"excerpt":{"rendered":"<p>A chaque d\u00e9chet sa fili\u00e8re &nbsp;Tri des mat\u00e9riaux recyclables Des containers sont \u00e0 votre disposition \u00e0 c\u00f4t\u00e9 du terrain de tennis pour d\u00e9poser Tous ces mat\u00e9riaux sont collect\u00e9s et recycl\u00e9s ce qui d&rsquo;une part profite \u00e0 l&rsquo;environnement et d&rsquo;autre part all\u00e8ge les co\u00fbts de gestion des d\u00e9chets que le syndicat* demande aux communes membres. Voir&#8230;<\/p>\n","protected":false},"author":1,"featured_media":0,"parent":0,"menu_order":0,"comment_status":"closed","ping_status":"closed","template":"","meta":{"footnotes":""},"class_list":["post-484","page","type-page","status-publish","format-standard","hentry","post-wrap"],"_links":{"self":[{"href":"https:\/\/mairielachapelleblanche.fr\/index.php?rest_route=\/wp\/v2\/pages\/484","targetHints":{"allow":["GET"]}}],"collection":[{"href":"https:\/\/mairielachapelleblanche.fr\/index.php?rest_route=\/wp\/v2\/pages"}],"about":[{"href":"https:\/\/mairielachapelleblanche.fr\/index.php?rest_route=\/wp\/v2\/types\/page"}],"author":[{"embeddable":true,"href":"https:\/\/mairielachapelleblanche.fr\/index.php?rest_route=\/wp\/v2\/users\/1"}],"replies":[{"embeddable":true,"href":"https:\/\/mairielachapelleblanche.fr\/index.php?rest_route=%2Fwp%2Fv2%2Fcomments&post=484"}],"version-history":[{"count":19,"href":"https:\/\/mairielachapelleblanche.fr\/index.php?rest_route=\/wp\/v2\/pages\/484\/revisions"}],"predecessor-version":[{"id":1786,"href":"https:\/\/mairielachapelleblanche.fr\/index.php?rest_route=\/wp\/v2\/pages\/484\/revisions\/1786"}],"wp:attachment":[{"href":"https:\/\/mairielachapelleblanche.fr\/index.php?rest_route=%2Fwp%2Fv2%2Fmedia&parent=484"}],"curies":[{"name":"wp","href":"https:\/\/api.w.org\/{rel}","templated":true}]}}